{"id":1053,"date":"2023-10-26T00:18:01","date_gmt":"2023-10-25T22:18:01","guid":{"rendered":"https:\/\/maverda.fr\/?page_id=1053"},"modified":"2023-12-22T16:26:18","modified_gmt":"2023-12-22T15:26:18","slug":"kilian-jornet-le-compteur-de-lacs","status":"publish","type":"page","link":"https:\/\/maverda.fr\/index.php\/production-documentaire\/kilian-jornet-le-compteur-de-lacs\/","title":{"rendered":"kilian jornet le compteur de lacs"},"content":{"rendered":"\t\t<div data-elementor-type=\"wp-page\" data-elementor-id=\"1053\" class=\"elementor elementor-1053\">\n\t\t\t\t\t\t\t\t\t<section class=\"elementor-section elementor-top-section elementor-element elementor-element-51860b7 elementor-section-boxed elementor-section-height-default elementor-section-height-default\" data-id=\"51860b7\" data-element_type=\"section\">\n\t\t\t\t\t\t<div class=\"elementor-container elementor-column-gap-default\">\n\t\t\t\t\t<div class=\"elementor-column elementor-col-100 elementor-top-column elementor-element elementor-element-24579f5\" data-id=\"24579f5\" data-element_type=\"column\">\n\t\t\t<div class=\"elementor-widget-wrap elementor-element-populated\">\n\t\t\t\t\t\t\t\t<div class=\"elementor-element elementor-element-b9ec7b4 elementor-widget elementor-widget-heading\" data-id=\"b9ec7b4\" data-element_type=\"widget\" data-widget_type=\"heading.default\">\n\t\t\t\t<div class=\"elementor-widget-container\">\n\t\t\t<style>\/*! elementor - v3.10.0 - 09-01-2023 *\/\n.elementor-heading-title{padding:0;margin:0;line-height:1}.elementor-widget-heading .elementor-heading-title[class*=elementor-size-]>a{color:inherit;font-size:inherit;line-height:inherit}.elementor-widget-heading .elementor-heading-title.elementor-size-small{font-size:15px}.elementor-widget-heading .elementor-heading-title.elementor-size-medium{font-size:19px}.elementor-widget-heading .elementor-heading-title.elementor-size-large{font-size:29px}.elementor-widget-heading .elementor-heading-title.elementor-size-xl{font-size:39px}.elementor-widget-heading .elementor-heading-title.elementor-size-xxl{font-size:59px}<\/style><h1 class=\"elementor-heading-title elementor-size-default\">Kilian Jornet, \nle compteur de lacs<\/h1>\t\t<\/div>\n\t\t\t\t<\/div>\n\t\t\t\t\t<\/div>\n\t\t<\/div>\n\t\t\t\t\t\t\t<\/div>\n\t\t<\/section>\n\t\t\t\t<section class=\"elementor-section elementor-top-section elementor-element elementor-element-4feaff6 elementor-section-boxed elementor-section-height-default elementor-section-height-default\" data-id=\"4feaff6\" data-element_type=\"section\">\n\t\t\t\t\t\t<div class=\"elementor-container elementor-column-gap-default\">\n\t\t\t\t\t<div class=\"elementor-column elementor-col-50 elementor-top-column elementor-element elementor-element-96b381e\" data-id=\"96b381e\" data-element_type=\"column\">\n\t\t\t<div class=\"elementor-widget-wrap elementor-element-populated\">\n\t\t\t\t\t\t\t\t<div class=\"elementor-element elementor-element-a3ed627 elementor-widget elementor-widget-image\" data-id=\"a3ed627\" data-element_type=\"widget\" data-widget_type=\"image.default\">\n\t\t\t\t<div class=\"elementor-widget-container\">\n\t\t\t<style>\/*! elementor - v3.10.0 - 09-01-2023 *\/\n.elementor-widget-image{text-align:center}.elementor-widget-image a{display:inline-block}.elementor-widget-image a img[src$=\".svg\"]{width:48px}.elementor-widget-image img{vertical-align:middle;display:inline-block}<\/style>\t\t\t\t\t\t\t\t\t\t\t\t<img decoding=\"async\" src=\"https:\/\/maverda.fr\/wp-content\/uploads\/elementor\/thumbs\/Visuel-affiche-Kilian-Jornet-le-compteur-de-lacs-qemih68lbpth4pci9z2neeklkt441z9zqblmo827f6.jpg\" title=\"Visuel-affiche Kilian Jornet, le compteur de lacs\" alt=\"Visuel-affiche Kilian Jornet, le compteur de lacs\" loading=\"lazy\" \/>\t\t\t\t\t\t\t\t\t\t\t\t\t\t\t<\/div>\n\t\t\t\t<\/div>\n\t\t\t\t\t<\/div>\n\t\t<\/div>\n\t\t\t\t<div class=\"elementor-column elementor-col-50 elementor-top-column elementor-element elementor-element-508354e\" data-id=\"508354e\" data-element_type=\"column\">\n\t\t\t<div class=\"elementor-widget-wrap elementor-element-populated\">\n\t\t\t\t\t\t\t\t<div class=\"elementor-element elementor-element-b9f01b5 elementor-widget elementor-widget-text-editor\" data-id=\"b9f01b5\" data-element_type=\"widget\" data-widget_type=\"text-editor.default\">\n\t\t\t\t<div class=\"elementor-widget-container\">\n\t\t\t<style>\/*! elementor - v3.10.0 - 09-01-2023 *\/\n.elementor-widget-text-editor.elementor-drop-cap-view-stacked .elementor-drop-cap{background-color:#818a91;color:#fff}.elementor-widget-text-editor.elementor-drop-cap-view-framed .elementor-drop-cap{color:#818a91;border:3px solid;background-color:transparent}.elementor-widget-text-editor:not(.elementor-drop-cap-view-default) .elementor-drop-cap{margin-top:8px}.elementor-widget-text-editor:not(.elementor-drop-cap-view-default) .elementor-drop-cap-letter{width:1em;height:1em}.elementor-widget-text-editor .elementor-drop-cap{float:left;text-align:center;line-height:1;font-size:50px}.elementor-widget-text-editor .elementor-drop-cap-letter{display:inline-block}<\/style>\t\t\t\t<p>&#8211; Documentaire 52 minutes &#8211; 2016<br \/>&#8211; Coproduction Doble Banda \/ Les Productions de la Main Verte \/ TV3 \/ TV8 Mont Blanc<br \/>&#8211; R\u00e9alisation : Ver\u00f3nica Font<br \/>&#8211; Assistant r\u00e9alisation : Eduard Jornet<br \/>&#8211; Image : Pablo Garc\u00eda<br \/>&#8211; Son : Urko Garai et Ver\u00f3nica Fon<br \/>&#8211; Musique: llu\u00eds Garc\u00eda, Kevin S\u00e1nchez, Alexis Cabrillana<\/p>\t\t\t\t\t\t<\/div>\n\t\t\t\t<\/div>\n\t\t\t\t<div class=\"elementor-element elementor-element-400591a elementor-widget elementor-widget-text-editor\" data-id=\"400591a\" data-element_type=\"widget\" data-widget_type=\"text-editor.default\">\n\t\t\t\t<div class=\"elementor-widget-container\">\n\t\t\t\t\t\t\t<p>Formats projection : DCP 1:85, Fichier H264 &#8211; 1080P25 <a href=\"https:\/\/maverda.fr\/index.php\/dvd-vod\/\"><br \/>Disponible en location ou achat streaming HD VOD<\/a><\/p>\t\t\t\t\t\t<\/div>\n\t\t\t\t<\/div>\n\t\t\t\t\t<\/div>\n\t\t<\/div>\n\t\t\t\t\t\t\t<\/div>\n\t\t<\/section>\n\t\t\t\t<section class=\"elementor-section elementor-top-section elementor-element elementor-element-342a264 elementor-section-boxed elementor-section-height-default elementor-section-height-default\" data-id=\"342a264\" data-element_type=\"section\">\n\t\t\t\t\t\t<div class=\"elementor-container elementor-column-gap-default\">\n\t\t\t\t\t<div class=\"elementor-column elementor-col-100 elementor-top-column elementor-element elementor-element-b5cec0b\" data-id=\"b5cec0b\" data-element_type=\"column\">\n\t\t\t<div class=\"elementor-widget-wrap elementor-element-populated\">\n\t\t\t\t\t\t\t\t<div class=\"elementor-element elementor-element-081225d elementor-widget elementor-widget-text-editor\" data-id=\"081225d\" data-element_type=\"widget\" data-widget_type=\"text-editor.default\">\n\t\t\t\t<div class=\"elementor-widget-container\">\n\t\t\t\t\t\t\tCe documentaire nous r\u00e9v\u00e8le le regard et les pens\u00e9es les plus intimes de Kilian, ses d\u00e9sirs, son amour pour la montagne et pour les personnes de son entourage. Celles qui ont contribu\u00e9 \u00e0 forger le grand sportif et l&rsquo;\u00eatre humain exceptionnel qu&rsquo;il est devenu. Un voyage \u00e9mouvant qui nous fait d\u00e9couvrir l&rsquo;enfant qui r\u00eavait de devenir \u00ab\u00a0compteur de lacs\u00a0\u00bb.\t\t\t\t\t\t<\/div>\n\t\t\t\t<\/div>\n\t\t\t\t\t<\/div>\n\t\t<\/div>\n\t\t\t\t\t\t\t<\/div>\n\t\t<\/section>\n\t\t\t\t<section class=\"elementor-section elementor-top-section elementor-element elementor-element-e2f6064 elementor-section-boxed elementor-section-height-default elementor-section-height-default\" data-id=\"e2f6064\" data-element_type=\"section\">\n\t\t\t\t\t\t<div class=\"elementor-container elementor-column-gap-default\">\n\t\t\t\t\t<div class=\"elementor-column elementor-col-100 elementor-top-column elementor-element elementor-element-662d921\" data-id=\"662d921\" data-element_type=\"column\">\n\t\t\t<div class=\"elementor-widget-wrap elementor-element-populated\">\n\t\t\t\t\t\t\t\t<div class=\"elementor-element elementor-element-695047a elementor-aspect-ratio-169 elementor-widget elementor-widget-video\" data-id=\"695047a\" data-element_type=\"widget\" data-settings=\"{&quot;video_type&quot;:&quot;vimeo&quot;,&quot;aspect_ratio&quot;:&quot;169&quot;}\" data-widget_type=\"video.default\">\n\t\t\t\t<div class=\"elementor-widget-container\">\n\t\t\t<style>\/*! elementor - v3.10.0 - 09-01-2023 *\/\n.elementor-widget-video .elementor-widget-container{overflow:hidden;transform:translateZ(0)}.elementor-widget-video .elementor-open-inline .elementor-custom-embed-image-overlay{position:absolute;top:0;left:0;width:100%;height:100%;background-size:cover;background-position:50%}.elementor-widget-video .elementor-custom-embed-image-overlay{cursor:pointer;text-align:center}.elementor-widget-video .elementor-custom-embed-image-overlay:hover .elementor-custom-embed-play i{opacity:1}.elementor-widget-video .elementor-custom-embed-image-overlay img{display:block;width:100%}.elementor-widget-video .e-hosted-video .elementor-video{-o-object-fit:cover;object-fit:cover}.e-con-inner>.elementor-widget-video,.e-con>.elementor-widget-video{width:var(--container-widget-width);--flex-grow:var(--container-widget-flex-grow)}<\/style>\t\t<div class=\"elementor-wrapper elementor-fit-aspect-ratio elementor-open-inline\">\n\t\t\t<iframe class=\"elementor-video-iframe\" allowfullscreen title=\"Lecteur vid\u00e9o vimeo\" src=\"https:\/\/player.vimeo.com\/video\/82427940?color&amp;autopause=0&amp;loop=0&amp;muted=0&amp;title=1&amp;portrait=1&amp;byline=1#t=\"><\/iframe>\t\t<\/div>\n\t\t\t\t<\/div>\n\t\t\t\t<\/div>\n\t\t\t\t\t<\/div>\n\t\t<\/div>\n\t\t\t\t\t\t\t<\/div>\n\t\t<\/section>\n\t\t\t\t<section class=\"elementor-section elementor-top-section elementor-element elementor-element-877e8e1 elementor-section-boxed elementor-section-height-default elementor-section-height-default\" data-id=\"877e8e1\" data-element_type=\"section\">\n\t\t\t\t\t\t<div class=\"elementor-container elementor-column-gap-default\">\n\t\t\t\t\t<div class=\"elementor-column elementor-col-50 elementor-top-column elementor-element elementor-element-8993d9f\" data-id=\"8993d9f\" data-element_type=\"column\">\n\t\t\t<div class=\"elementor-widget-wrap elementor-element-populated\">\n\t\t\t\t\t\t\t\t<div class=\"elementor-element elementor-element-52114ff elementor-widget elementor-widget-image\" data-id=\"52114ff\" data-element_type=\"widget\" data-widget_type=\"image.default\">\n\t\t\t\t<div class=\"elementor-widget-container\">\n\t\t\t\t\t\t\t\t\t\t\t\t\t\t\t\t<a href=\"https:\/\/maverda.fr\/wp-content\/uploads\/2023\/11\/Affiche-Kilian-Jornet-le-compteur-de-lacs.jpg\" target=\"_blank\">\n\t\t\t\t\t\t\t<img loading=\"lazy\" decoding=\"async\" width=\"1000\" height=\"300\" src=\"https:\/\/maverda.fr\/wp-content\/uploads\/2023\/11\/Bouton-AFFICHE-DU-FILM-1.png\" class=\"attachment-large size-large wp-image-2626\" alt=\"\" srcset=\"https:\/\/maverda.fr\/wp-content\/uploads\/2023\/11\/Bouton-AFFICHE-DU-FILM-1.png 1000w, https:\/\/maverda.fr\/wp-content\/uploads\/2023\/11\/Bouton-AFFICHE-DU-FILM-1-300x90.png 300w, https:\/\/maverda.fr\/wp-content\/uploads\/2023\/11\/Bouton-AFFICHE-DU-FILM-1-768x230.png 768w\" sizes=\"auto, (max-width: 1000px) 100vw, 1000px\" \/>\t\t\t\t\t\t\t\t<\/a>\n\t\t\t\t\t\t\t\t\t\t\t\t\t\t\t<\/div>\n\t\t\t\t<\/div>\n\t\t\t\t\t<\/div>\n\t\t<\/div>\n\t\t\t\t<div class=\"elementor-column elementor-col-50 elementor-top-column elementor-element elementor-element-6e6c1a7\" data-id=\"6e6c1a7\" data-element_type=\"column\">\n\t\t\t<div class=\"elementor-widget-wrap elementor-element-populated\">\n\t\t\t\t\t\t\t\t<div class=\"elementor-element elementor-element-63c0d68 elementor-widget elementor-widget-image\" data-id=\"63c0d68\" data-element_type=\"widget\" data-widget_type=\"image.default\">\n\t\t\t\t<div class=\"elementor-widget-container\">\n\t\t\t\t\t\t\t\t\t\t\t\t\t\t\t\t<a href=\"https:\/\/maverda.fr\/index.php\/production-documentaire\/kilian-jornet-le-compteur-de-lacs\/visuels-du-film\/\">\n\t\t\t\t\t\t\t<img loading=\"lazy\" decoding=\"async\" width=\"1000\" height=\"300\" src=\"https:\/\/maverda.fr\/wp-content\/uploads\/2023\/11\/Bouton-VISUELS-DU-FILM.png\" class=\"attachment-large size-large wp-image-2628\" alt=\"\" srcset=\"https:\/\/maverda.fr\/wp-content\/uploads\/2023\/11\/Bouton-VISUELS-DU-FILM.png 1000w, https:\/\/maverda.fr\/wp-content\/uploads\/2023\/11\/Bouton-VISUELS-DU-FILM-300x90.png 300w, https:\/\/maverda.fr\/wp-content\/uploads\/2023\/11\/Bouton-VISUELS-DU-FILM-768x230.png 768w\" sizes=\"auto, (max-width: 1000px) 100vw, 1000px\" \/>\t\t\t\t\t\t\t\t<\/a>\n\t\t\t\t\t\t\t\t\t\t\t\t\t\t\t<\/div>\n\t\t\t\t<\/div>\n\t\t\t\t\t<\/div>\n\t\t<\/div>\n\t\t\t\t\t\t\t<\/div>\n\t\t<\/section>\n\t\t\t\t\t\t\t<\/div>\n\t\t","protected":false},"excerpt":{"rendered":"<p>Kilian Jornet, le compteur de lacs &#8211; Documentaire 52 minutes &#8211; 2016&#8211; Coproduction Doble Banda \/ Les Productions de la Main Verte \/ TV3 \/ TV8 Mont Blanc&#8211; R\u00e9alisation : Ver\u00f3nica Font&#8211; Assistant r\u00e9alisation : Eduard Jornet&#8211; Image : Pablo Garc\u00eda&#8211; Son : Urko Garai et Ver\u00f3nica Fon&#8211; Musique: llu\u00eds Garc\u00eda, Kevin S\u00e1nchez, Alexis Cabrillana &hellip;<\/p>\n<p class=\"read-more\"> <a class=\"\" href=\"https:\/\/maverda.fr\/index.php\/production-documentaire\/kilian-jornet-le-compteur-de-lacs\/\"> <span class=\"screen-reader-text\">kilian jornet le compteur de lacs<\/span> Lire la suite\u00a0\u00bb<\/a><\/p>\n","protected":false},"author":1,"featured_media":0,"parent":146,"menu_order":0,"comment_status":"closed","ping_status":"closed","template":"","meta":{"site-sidebar-layout":"no-sidebar","site-content-layout":"page-builder","ast-global-header-display":"","ast-main-header-display":"","ast-hfb-above-header-display":"","ast-hfb-below-header-display":"","ast-hfb-mobile-header-display":"","site-post-title":"disabled","ast-breadcrumbs-content":"","ast-featured-img":"disabled","footer-sml-layout":"","theme-transparent-header-meta":"","adv-header-id-meta":"","stick-header-meta":"","header-above-stick-meta":"","header-main-stick-meta":"","header-below-stick-meta":"","footnotes":""},"class_list":["post-1053","page","type-page","status-publish","hentry"],"yoast_head":"<!-- This site is optimized with the Yoast SEO plugin v21.5 - https:\/\/yoast.com\/wordpress\/plugins\/seo\/ -->\n<title>kilian jornet le compteur de lacs - Les Productions de la Main Verte<\/title>\n<meta name=\"robots\" content=\"index, follow, max-snippet:-1, max-image-preview:large, max-video-preview:-1\" \/>\n<link rel=\"canonical\" href=\"https:\/\/maverda.fr\/index.php\/production-documentaire\/kilian-jornet-le-compteur-de-lacs\/\" \/>\n<meta property=\"og:locale\" content=\"fr_FR\" \/>\n<meta property=\"og:type\" content=\"article\" \/>\n<meta property=\"og:title\" content=\"kilian jornet le compteur de lacs - Les Productions de la Main Verte\" \/>\n<meta property=\"og:description\" content=\"Kilian Jornet, le compteur de lacs &#8211; Documentaire 52 minutes &#8211; 2016&#8211; Coproduction Doble Banda \/ Les Productions de la Main Verte \/ TV3 \/ TV8 Mont Blanc&#8211; R\u00e9alisation : Ver\u00f3nica Font&#8211; Assistant r\u00e9alisation : Eduard Jornet&#8211; Image : Pablo Garc\u00eda&#8211; Son : Urko Garai et Ver\u00f3nica Fon&#8211; Musique: llu\u00eds Garc\u00eda, Kevin S\u00e1nchez, Alexis Cabrillana &hellip; kilian jornet le compteur de lacs Lire la suite\u00a0\u00bb\" \/>\n<meta property=\"og:url\" content=\"https:\/\/maverda.fr\/index.php\/production-documentaire\/kilian-jornet-le-compteur-de-lacs\/\" \/>\n<meta property=\"og:site_name\" content=\"Les Productions de la Main Verte\" \/>\n<meta property=\"article:modified_time\" content=\"2023-12-22T15:26:18+00:00\" \/>\n<meta property=\"og:image\" content=\"https:\/\/maverda.fr\/wp-content\/uploads\/elementor\/thumbs\/Visuel-affiche-Kilian-Jornet-le-compteur-de-lacs-qemih68lbpth4pci9z2neeklkt441z9zqblmo827fg.jpg\" \/>\n<meta name=\"twitter:card\" content=\"summary_large_image\" \/>\n<meta name=\"twitter:label1\" content=\"Dur\u00e9e de lecture estim\u00e9e\" \/>\n\t<meta name=\"twitter:data1\" content=\"1 minute\" \/>\n<script type=\"application\/ld+json\" class=\"yoast-schema-graph\">{\"@context\":\"https:\/\/schema.org\",\"@graph\":[{\"@type\":\"WebPage\",\"@id\":\"https:\/\/maverda.fr\/index.php\/production-documentaire\/kilian-jornet-le-compteur-de-lacs\/\",\"url\":\"https:\/\/maverda.fr\/index.php\/production-documentaire\/kilian-jornet-le-compteur-de-lacs\/\",\"name\":\"kilian jornet le compteur de lacs - Les Productions de la Main Verte\",\"isPartOf\":{\"@id\":\"https:\/\/maverda.fr\/#website\"},\"datePublished\":\"2023-10-25T22:18:01+00:00\",\"dateModified\":\"2023-12-22T15:26:18+00:00\",\"breadcrumb\":{\"@id\":\"https:\/\/maverda.fr\/index.php\/production-documentaire\/kilian-jornet-le-compteur-de-lacs\/#breadcrumb\"},\"inLanguage\":\"fr-FR\",\"potentialAction\":[{\"@type\":\"ReadAction\",\"target\":[\"https:\/\/maverda.fr\/index.php\/production-documentaire\/kilian-jornet-le-compteur-de-lacs\/\"]}]},{\"@type\":\"BreadcrumbList\",\"@id\":\"https:\/\/maverda.fr\/index.php\/production-documentaire\/kilian-jornet-le-compteur-de-lacs\/#breadcrumb\",\"itemListElement\":[{\"@type\":\"ListItem\",\"position\":1,\"name\":\"Accueil\",\"item\":\"https:\/\/maverda.fr\/\"},{\"@type\":\"ListItem\",\"position\":2,\"name\":\"Catalogue documentaires\",\"item\":\"https:\/\/maverda.fr\/index.php\/production-documentaire\/\"},{\"@type\":\"ListItem\",\"position\":3,\"name\":\"kilian jornet le compteur de lacs\"}]},{\"@type\":\"WebSite\",\"@id\":\"https:\/\/maverda.fr\/#website\",\"url\":\"https:\/\/maverda.fr\/\",\"name\":\"Les Productions de la Main Verte\",\"description\":\"Un site utilisant WordPress\",\"publisher\":{\"@id\":\"https:\/\/maverda.fr\/#organization\"},\"potentialAction\":[{\"@type\":\"SearchAction\",\"target\":{\"@type\":\"EntryPoint\",\"urlTemplate\":\"https:\/\/maverda.fr\/?s={search_term_string}\"},\"query-input\":\"required name=search_term_string\"}],\"inLanguage\":\"fr-FR\"},{\"@type\":\"Organization\",\"@id\":\"https:\/\/maverda.fr\/#organization\",\"name\":\"Les Productions de la Main Verte\",\"url\":\"https:\/\/maverda.fr\/\",\"logo\":{\"@type\":\"ImageObject\",\"inLanguage\":\"fr-FR\",\"@id\":\"https:\/\/maverda.fr\/#\/schema\/logo\/image\/\",\"url\":\"https:\/\/maverda.fr\/wp-content\/uploads\/2024\/05\/cropped-Logo-Main-Verte-Fond-Beige.png\",\"contentUrl\":\"https:\/\/maverda.fr\/wp-content\/uploads\/2024\/05\/cropped-Logo-Main-Verte-Fond-Beige.png\",\"width\":1480,\"height\":397,\"caption\":\"Les Productions de la Main Verte\"},\"image\":{\"@id\":\"https:\/\/maverda.fr\/#\/schema\/logo\/image\/\"}}]}<\/script>\n<!-- \/ Yoast SEO plugin. -->","yoast_head_json":{"title":"kilian jornet le compteur de lacs - Les Productions de la Main Verte","robots":{"index":"index","follow":"follow","max-snippet":"max-snippet:-1","max-image-preview":"max-image-preview:large","max-video-preview":"max-video-preview:-1"},"canonical":"https:\/\/maverda.fr\/index.php\/production-documentaire\/kilian-jornet-le-compteur-de-lacs\/","og_locale":"fr_FR","og_type":"article","og_title":"kilian jornet le compteur de lacs - Les Productions de la Main Verte","og_description":"Kilian Jornet, le compteur de lacs &#8211; Documentaire 52 minutes &#8211; 2016&#8211; Coproduction Doble Banda \/ Les Productions de la Main Verte \/ TV3 \/ TV8 Mont Blanc&#8211; R\u00e9alisation : Ver\u00f3nica Font&#8211; Assistant r\u00e9alisation : Eduard Jornet&#8211; Image : Pablo Garc\u00eda&#8211; Son : Urko Garai et Ver\u00f3nica Fon&#8211; Musique: llu\u00eds Garc\u00eda, Kevin S\u00e1nchez, Alexis Cabrillana &hellip; kilian jornet le compteur de lacs Lire la suite\u00a0\u00bb","og_url":"https:\/\/maverda.fr\/index.php\/production-documentaire\/kilian-jornet-le-compteur-de-lacs\/","og_site_name":"Les Productions de la Main Verte","article_modified_time":"2023-12-22T15:26:18+00:00","og_image":[{"url":"https:\/\/maverda.fr\/wp-content\/uploads\/elementor\/thumbs\/Visuel-affiche-Kilian-Jornet-le-compteur-de-lacs-qemih68lbpth4pci9z2neeklkt441z9zqblmo827fg.jpg"}],"twitter_card":"summary_large_image","twitter_misc":{"Dur\u00e9e de lecture estim\u00e9e":"1 minute"},"schema":{"@context":"https:\/\/schema.org","@graph":[{"@type":"WebPage","@id":"https:\/\/maverda.fr\/index.php\/production-documentaire\/kilian-jornet-le-compteur-de-lacs\/","url":"https:\/\/maverda.fr\/index.php\/production-documentaire\/kilian-jornet-le-compteur-de-lacs\/","name":"kilian jornet le compteur de lacs - Les Productions de la Main Verte","isPartOf":{"@id":"https:\/\/maverda.fr\/#website"},"datePublished":"2023-10-25T22:18:01+00:00","dateModified":"2023-12-22T15:26:18+00:00","breadcrumb":{"@id":"https:\/\/maverda.fr\/index.php\/production-documentaire\/kilian-jornet-le-compteur-de-lacs\/#breadcrumb"},"inLanguage":"fr-FR","potentialAction":[{"@type":"ReadAction","target":["https:\/\/maverda.fr\/index.php\/production-documentaire\/kilian-jornet-le-compteur-de-lacs\/"]}]},{"@type":"BreadcrumbList","@id":"https:\/\/maverda.fr\/index.php\/production-documentaire\/kilian-jornet-le-compteur-de-lacs\/#breadcrumb","itemListElement":[{"@type":"ListItem","position":1,"name":"Accueil","item":"https:\/\/maverda.fr\/"},{"@type":"ListItem","position":2,"name":"Catalogue documentaires","item":"https:\/\/maverda.fr\/index.php\/production-documentaire\/"},{"@type":"ListItem","position":3,"name":"kilian jornet le compteur de lacs"}]},{"@type":"WebSite","@id":"https:\/\/maverda.fr\/#website","url":"https:\/\/maverda.fr\/","name":"Les Productions de la Main Verte","description":"Un site utilisant WordPress","publisher":{"@id":"https:\/\/maverda.fr\/#organization"},"potentialAction":[{"@type":"SearchAction","target":{"@type":"EntryPoint","urlTemplate":"https:\/\/maverda.fr\/?s={search_term_string}"},"query-input":"required name=search_term_string"}],"inLanguage":"fr-FR"},{"@type":"Organization","@id":"https:\/\/maverda.fr\/#organization","name":"Les Productions de la Main Verte","url":"https:\/\/maverda.fr\/","logo":{"@type":"ImageObject","inLanguage":"fr-FR","@id":"https:\/\/maverda.fr\/#\/schema\/logo\/image\/","url":"https:\/\/maverda.fr\/wp-content\/uploads\/2024\/05\/cropped-Logo-Main-Verte-Fond-Beige.png","contentUrl":"https:\/\/maverda.fr\/wp-content\/uploads\/2024\/05\/cropped-Logo-Main-Verte-Fond-Beige.png","width":1480,"height":397,"caption":"Les Productions de la Main Verte"},"image":{"@id":"https:\/\/maverda.fr\/#\/schema\/logo\/image\/"}}]}},"_links":{"self":[{"href":"https:\/\/maverda.fr\/index.php\/wp-json\/wp\/v2\/pages\/1053","targetHints":{"allow":["GET"]}}],"collection":[{"href":"https:\/\/maverda.fr\/index.php\/wp-json\/wp\/v2\/pages"}],"about":[{"href":"https:\/\/maverda.fr\/index.php\/wp-json\/wp\/v2\/types\/page"}],"author":[{"embeddable":true,"href":"https:\/\/maverda.fr\/index.php\/wp-json\/wp\/v2\/users\/1"}],"replies":[{"embeddable":true,"href":"https:\/\/maverda.fr\/index.php\/wp-json\/wp\/v2\/comments?post=1053"}],"version-history":[{"count":167,"href":"https:\/\/maverda.fr\/index.php\/wp-json\/wp\/v2\/pages\/1053\/revisions"}],"predecessor-version":[{"id":2680,"href":"https:\/\/maverda.fr\/index.php\/wp-json\/wp\/v2\/pages\/1053\/revisions\/2680"}],"up":[{"embeddable":true,"href":"https:\/\/maverda.fr\/index.php\/wp-json\/wp\/v2\/pages\/146"}],"wp:attachment":[{"href":"https:\/\/maverda.fr\/index.php\/wp-json\/wp\/v2\/media?parent=1053"}],"curies":[{"name":"wp","href":"https:\/\/api.w.org\/{rel}","templated":true}]}}